{"id":39,"date":"2017-07-06T20:18:09","date_gmt":"2017-07-06T20:18:09","guid":{"rendered":"http:\/\/academiadominicanahistoria.org.do\/?page_id=39"},"modified":"2025-08-18T20:06:56","modified_gmt":"2025-08-18T20:06:56","slug":"pasadas-huntas-directivas","status":"publish","type":"page","link":"https:\/\/www.academiadominicanahistoria.org.do\/?page_id=39","title":{"rendered":"Pasadas Juntas Directivas"},"content":{"rendered":"\n<div style=\"padding: 10px; float: left; width: 45%; text-align: justify;\">\n<p style=\"text-align: left;\"><strong>2022-2025<\/strong><br><a href=\"https:\/\/academiadominicanahistoria.org.do\/wp-content\/uploads\/2017\/07\/Balcacer.pdf\" target=\"_blank\" rel=\"noopener noreferrer\"> Lic. Juan Daniel Balc\u00e1cer<\/a>, Presidente<br><a href=\"https:\/\/www.academiadominicanahistoria.org.do\/wp-content\/uploads\/2021\/05\/FernandoPerezMemen.pdf\" target=\"_blank\" rel=\"noopener noreferrer\"> Lic. Fern\u00e1ndo P\u00e9rez Mem\u00e9n<\/a>, Vicepresidente<br><a href=\"https:\/\/www.academiadominicanahistoria.org.do\/wp-content\/uploads\/2021\/12\/CVMiguelReyesSanchez2021Historia.pdf\" target=\"_blank\" rel=\"noopener noreferrer\">Lic. Miguel Reyes S\u00e1nchez, Secretario<\/a><br><a href=\"\" target=\"_blank\" rel=\"noopener noreferrer\">Lic. Eduardo Tejera, Tesorero<\/a><br><a href=\"https:\/\/www.academiadominicanahistoria.org.do\/wp-content\/uploads\/2021\/12\/CVMiguelReyesSanchez2021Historia.pdf\" target=\"_blank\" rel=\"noopener noreferrer\">Lic. Miguel Guerrero S\u00e1nchez<\/a>, Vocal<\/p>\n<p style=\"text-align: left;\"><strong>2019-2022<\/strong><br><a href=\"https:\/\/www.academiadominicanahistoria.org.do\/wp-content\/uploads\/2021\/05\/JoseChezCheco.pdf\" target=\"_blank\" rel=\"noopener noreferrer\"> Lic. Jos\u00e9 Felipe Chez Checo<\/a>, Presidente<br><a href=\"https:\/\/academiadominicanahistoria.org.do\/wp-content\/uploads\/2017\/07\/Balcacer.pdf\" target=\"_blank\" rel=\"noopener noreferrer\"> Lic. Juan Daniel Balc\u00e1cer<\/a>, Vicepresidente<br><a href=\"https:\/\/www.academiadominicanahistoria.org.do\/wp-content\/uploads\/2021\/05\/JoseLuisSaezRamo.pdf\" target=\"_blank\" rel=\"noopener noreferrer\">Dr. Jos\u00e9 Luis S\u00e1ez Ramo, Secretario<\/a><br><a href=\"https:\/\/academiadominicanahistoria.org.do\/wp-content\/uploads\/2017\/07\/EspinalHernandez.pdf\" target=\"_blank\" rel=\"noopener noreferrer\">Lic. Edwin Rafael Espinal Hern\u00e1ndez, Tesorero<\/a><br><a href=\"https:\/\/academiadominicanahistoria.org.do\/wp-content\/uploads\/2017\/07\/gonzalezdepena.pdf\" target=\"_blank\" rel=\"noopener noreferrer\">Lic Raymundo Manuel Gonz\u00e1lez de Pe\u00f1a<\/a>, Vocal<\/p>\n<p style=\"text-align: left;\"><strong>2016-2019<\/strong><br><a href=\"https:\/\/www.academiadominicanahistoria.org.do\/wp-content\/uploads\/2021\/05\/Mu-KienSangBen.pdf\" target=\"_blank\" rel=\"noopener noreferrer\"> Dra. Mu-Kien Adriana Sang Ben<\/a>, Presidente<br><a href=\"https:\/\/academiadominicanahistoria.org.do\/wp-content\/uploads\/2017\/07\/MiguelTejada.pdf\"> Lic. Adriano Miguel Tejada<\/a>, Vicepresidente<br>Dr. Amadeo Modesto Juli\u00e1n Cedano, Secretario<br><a href=\"https:\/\/academiadominicanahistoria.org.do\/wp-content\/uploads\/2017\/07\/garciaarevalo.pdf\">Lic. Manuel Antonio Garc\u00eda Ar\u00e9valo<\/a>, Tesorero<br><a href=\"https:\/\/www.academiadominicanahistoria.org.do\/wp-content\/uploads\/2019\/09\/JosedelCastillo.pdf\">Dr. Jos\u00e9 del Castillo Pichardo<\/a>, Vocal<\/p>\n<p><strong>2013-2016<\/strong><br><a href=\"https:\/\/academiadominicanahistoria.org.do\/wp-content\/uploads\/2017\/07\/BernardoVega.pdf\"> Lic. Bernardo Vega Boyrie<\/a>, Presidente<br><a href=\"https:\/\/www.academiadominicanahistoria.org.do\/wp-content\/uploads\/2021\/05\/Mu-KienSangBen.pdf\" target=\"_blank\" rel=\"noopener noreferrer\">Dra. Mu-Kien Adriana Sang Ben<\/a>, Vicepresidente<br><a href=\"https:\/\/academiadominicanahistoria.org.do\/wp-content\/uploads\/2017\/07\/MiguelTejada.pdf\"> Lic. Adriano Miguel Tejada<\/a>, Secretario<br><a href=\"https:\/\/www.academiadominicanahistoria.org.do\/wp-content\/uploads\/2021\/05\/JoseChezCheco.pdf\" target=\"_blank\" rel=\"noopener noreferrer\">Lic. Jos\u00e9 Felipe Chez Checo<\/a>, Tesorero<br><a href=\"https:\/\/academiadominicanahistoria.org.do\/wp-content\/uploads\/2017\/07\/MoretaCastillo.pdf\"> Dr. Am\u00e9rico Moreta Castillo<\/a>, Vocal<\/p>\n<p><strong>2010-2013<\/strong><br><a href=\"https:\/\/academiadominicanahistoria.org.do\/wp-content\/uploads\/2017\/07\/MoyaPons.pdf\"> Dr. Frank Moya Pons<\/a>, Presidente<br><a href=\"https:\/\/academiadominicanahistoria.org.do\/wp-content\/uploads\/2017\/07\/Balcacer.pdf\"> Lic. Juan Daniel Balc\u00e1cer<\/a>, Vicepresidente<br><a href=\"https:\/\/www.academiadominicanahistoria.org.do\/wp-content\/uploads\/2021\/05\/Mu-KienSangBen.pdf\" target=\"_blank\" rel=\"noopener noreferrer\"> Dra. Mu-Kien Adriana Sang Ben<\/a>, Secretario<br><a href=\"https:\/\/academiadominicanahistoria.org.do\/wp-content\/uploads\/2017\/07\/garciaarevalo.pdf\"> Lic. Manuel Antonio Garc\u00eda Ar\u00e9valo<\/a>, Tesorero<br><a href=\"https:\/\/academiadominicanahistoria.org.do\/wp-content\/uploads\/2017\/07\/saezramo.pdf\"> Dr. Jos\u00e9 Luis S\u00e1ez Ramo<\/a>, S. J., Vocal<\/p>\n<p><strong>2007-2010<\/strong><br><a href=\"https:\/\/academiadominicanahistoria.org.do\/wp-content\/uploads\/2017\/07\/CorderoMichel.pdf\"> Dr. Emilio Cordero Michel<\/a>, Presidente<br><a href=\"https:\/\/academiadominicanahistoria.org.do\/wp-content\/uploads\/2017\/07\/perezmemen.pdf\"> Dr. Fernando A. P\u00e9rez Mem\u00e9n<\/a>, Vicepresidente<br><a href=\"https:\/\/academiadominicanahistoria.org.do\/wp-content\/uploads\/2017\/07\/saezramo.pdf\"> Dr. Jos\u00e9 Luis S\u00e1ez Ramo<\/a>, S. J, Secretario<br><a href=\"https:\/\/academiadominicanahistoria.org.do\/wp-content\/uploads\/2017\/07\/MoretaCastillo.pdf\"> Dr. Am\u00e9rico Moreta Castillo<\/a>, Tesorero<br><a href=\"https:\/\/www.academiadominicanahistoria.org.do\/wp-content\/uploads\/2021\/06\/RaymundoGonzalez-MN.pdf\" target=\"_blank\" rel=\"noopener noreferrer\">Lic. Raymundo Manuel Gonz\u00e1lez de Pe\u00f1a<\/a>, Vocal<\/p>\n<p><strong>2004-2007<\/strong><br><a href=\"https:\/\/www.academiadominicanahistoria.org.do\/wp-content\/uploads\/2021\/05\/JoseChezCheco.pdf\" target=\"_blank\" rel=\"noopener noreferrer\">Lic. Jos\u00e9 Felipe Chez Checo<\/a>, Presidente<br><a href=\"https:\/\/academiadominicanahistoria.org.do\/wp-content\/uploads\/2017\/07\/CorderoMichel.pdf\"> Dr. Emilio Cordero Michel<\/a>, Vicepresidente<br><a href=\"https:\/\/academiadominicanahistoria.org.do\/wp-content\/uploads\/2017\/07\/Balcacer.pdf\"> Lic. Juan Daniel Balc\u00e1cer<\/a>, Secretario<br><a href=\"https:\/\/www.academiadominicanahistoria.org.do\/wp-content\/uploads\/2021\/05\/Mu-KienSangBen.pdf\" target=\"_blank\" rel=\"noopener noreferrer\">Dra. Mu-Kien Adriana Sang Ben<\/a>, Tesorero<br><a href=\"https:\/\/academiadominicanahistoria.org.do\/wp-content\/uploads\/2017\/07\/PerezMontas.pdf\"> Arq. Eugenio P\u00e9rez Mont\u00e1s<\/a>, Vocal<\/p>\n<p><strong>2001-2004<\/strong><br><a href=\"https:\/\/academiadominicanahistoria.org.do\/wp-content\/uploads\/2017\/07\/CassaBernaldo.pdf\"> Dr. Roberto Cass\u00e1 Bernaldo de Quir\u00f3s<\/a>, Presidente<br><a href=\"https:\/\/academiadominicanahistoria.org.do\/wp-content\/uploads\/2017\/07\/henriquezvasquez.pdf\"> Dr. Francisco Alberto Henr\u00edquez V\u00e1squez<\/a>, Vicepresidente<br><a href=\"https:\/\/www.academiadominicanahistoria.org.do\/wp-content\/uploads\/2021\/05\/JoseChezCheco.pdf\" target=\"_blank\" rel=\"noopener noreferrer\">Lic. Jos\u00e9 Felipe Chez Checo<\/a>, Secretario<br><a href=\"https:\/\/academiadominicanahistoria.org.do\/wp-content\/uploads\/2017\/07\/Balcacer.pdf\"> Lic. Juan Daniel Balc\u00e1cer<\/a>, Tesorero<br><a href=\"https:\/\/academiadominicanahistoria.org.do\/wp-content\/uploads\/2017\/07\/wenceslaovoyrie.pdf\"> Dr. Wenceslao Vega Boyrie<\/a>, Vocal<\/p>\n<p><strong>1999-2001<\/strong><br><a href=\"https:\/\/academiadominicanahistoria.org.do\/wp-content\/uploads\/2017\/07\/campilloperez.pdf\"> Dr. Julio Genaro Campillo P\u00e9rez<\/a>, Presidente<br><a href=\"https:\/\/academiadominicanahistoria.org.do\/wp-content\/uploads\/2017\/07\/MoyaPons.pdf\"> Dr. Frank Moya Pons<\/a>, Vicepresidente<br><a href=\"https:\/\/www.academiadominicanahistoria.org.do\/wp-content\/uploads\/2021\/05\/JoseChezCheco.pdf\" target=\"_blank\" rel=\"noopener noreferrer\">Lic. Jos\u00e9 Felipe Chez Checo<\/a>, Secretario<br><a href=\"https:\/\/academiadominicanahistoria.org.do\/wp-content\/uploads\/2017\/07\/Balcacer.pdf\"> Lic. Juan Daniel Balc\u00e1cer<\/a>, Tesorero<br><a href=\"https:\/\/academiadominicanahistoria.org.do\/wp-content\/uploads\/2017\/07\/dobalmarquez.pdf\"> Dr. Carlos Maximiliano Dobal M\u00e1rquez<\/a>, Vocal<\/p>\n<p><strong>1998-1999<\/strong><br><a href=\"https:\/\/academiadominicanahistoria.org.do\/wp-content\/uploads\/2017\/07\/campilloperez.pdf\"> Dr. Julio Genaro Campillo P\u00e9rez<\/a>, Presidente<br><a href=\"https:\/\/academiadominicanahistoria.org.do\/wp-content\/uploads\/2017\/07\/MoyaPons.pdf\"> Dr. Frank Moya Pons<\/a>, Vicepresidente<br><a href=\"https:\/\/www.academiadominicanahistoria.org.do\/wp-content\/uploads\/2021\/05\/JoseChezCheco.pdf\" target=\"_blank\" rel=\"noopener noreferrer\">Lic. Jos\u00e9 Felipe Chez Checo<\/a>, Secretario<br><a href=\"https:\/\/academiadominicanahistoria.org.do\/wp-content\/uploads\/2017\/07\/garciaarevalo.pdf\"> Lic. Manuel Antonio Garc\u00eda Ar\u00e9valo<\/a>, Tesorero<br><a href=\"https:\/\/academiadominicanahistoria.org.do\/wp-content\/uploads\/2017\/07\/dobalmarquez.pdf\"> Dr. Carlos Maximiliano Dobal M\u00e1rquez<\/a>, Vocal<\/p>\n<p><strong>1997-1998<\/strong><br><a href=\"https:\/\/academiadominicanahistoria.org.do\/wp-content\/uploads\/2017\/07\/campilloperez.pdf\"> Dr. Julio Genaro Campillo P\u00e9rez<\/a>, Presidente<br><a href=\"https:\/\/academiadominicanahistoria.org.do\/wp-content\/uploads\/2017\/07\/dobalmarquez.pdf\"> Dr. Carlos Maximiliano Dobal M\u00e1rquez<\/a>, Vicepresidente<br><a href=\"https:\/\/www.academiadominicanahistoria.org.do\/wp-content\/uploads\/2021\/05\/JoseChezCheco.pdf\" target=\"_blank\" rel=\"noopener noreferrer\">Lic. Jose Chez Checo<\/a>, Secretario<br><a href=\"https:\/\/academiadominicanahistoria.org.do\/wp-content\/uploads\/2017\/07\/garciaarevalo.pdf\"> Lic. Manuel Antonio Garc\u00eda Ar\u00e9valo<\/a>, Tesorero<br><a href=\"https:\/\/academiadominicanahistoria.org.do\/wp-content\/uploads\/2017\/07\/ugarteespana.pdf\"> Licda. Mar\u00eda Ugarte Espa\u00f1a<\/a>, Vocal<\/p>\n<p><strong>1995-1997<\/strong><br><a href=\"https:\/\/academiadominicanahistoria.org.do\/wp-content\/uploads\/2017\/07\/campilloperez.pdf\"> Dr. Julio Genaro Campillo P\u00e9rez<\/a>, Presidente<br><a href=\"https:\/\/academiadominicanahistoria.org.do\/wp-content\/uploads\/2017\/07\/manonarredondo.pdf\"> Dr. Manuel de Js. Ma\u00f1\u00f3n Arredondeo<\/a>, Vicepresidente<br><a href=\"https:\/\/academiadominicanahistoria.org.do\/wp-content\/uploads\/2017\/07\/dobalmarquez.pdf\"> Dr. Carlos Maximiliano Dobal M\u00e1rquez<\/a>, Secretario<br><a href=\"https:\/\/academiadominicanahistoria.org.do\/wp-content\/uploads\/2017\/07\/garciaarevalo.pdf\"> Lic. Manuel Antonio Garc\u00eda Ar\u00e9valo<\/a>, Tesorero<br><a href=\"https:\/\/academiadominicanahistoria.org.do\/wp-content\/uploads\/2017\/07\/ugarteespana.pdf\"> Licda. Mar\u00eda Ugarte Espa\u00f1a<\/a>, Bibliotecaria<\/p>\n\n<\/div>\n<div style=\"padding: 10px; float: left; width: 45%; text-align: justify;\">\n\n<p><strong>1992-1995<br><\/strong><a href=\"https:\/\/academiadominicanahistoria.org.do\/wp-content\/uploads\/2017\/07\/polancobrito.pdf\"> Mons. Hugo Eduardo Polanco Brito<\/a>, Presidente<br><a href=\"https:\/\/academiadominicanahistoria.org.do\/wp-content\/uploads\/2017\/07\/campilloperez.pdf\"> Dr. Julio Genaro Campillo P\u00e9rez<\/a>, Vicepresidente<br><a href=\"https:\/\/academiadominicanahistoria.org.do\/wp-content\/uploads\/2017\/07\/manonarredondo.pdf\"> Dr. Manuel de Js. Ma\u00f1\u00f3n Arredondeo<\/a>, Secretario<br><a href=\"https:\/\/academiadominicanahistoria.org.do\/wp-content\/uploads\/2017\/07\/garciaarevalo.pdf\"> Lic. Manuel Antonio Garc\u00eda Ar\u00e9valo<\/a>, Tesorero<br><a href=\"https:\/\/academiadominicanahistoria.org.do\/wp-content\/uploads\/2017\/07\/dobalmarquez.pdf\"> Dr. Carlos Maximiliano Dobal M\u00e1rquez<\/a>, Vocal<\/p>\n<p><strong>1989-1992<\/strong><br><a href=\"https:\/\/academiadominicanahistoria.org.do\/wp-content\/uploads\/2017\/07\/polancobrito.pdf\"> Mons. Hugo Eduardo Polanco Brito<\/a>, Presidente<br><a href=\"https:\/\/academiadominicanahistoria.org.do\/wp-content\/uploads\/2017\/07\/goicocastro.pdf\"> Dr. Manuel de Jes\u00fas Goico Castro<\/a>, Secretario<br><a href=\"https:\/\/academiadominicanahistoria.org.do\/wp-content\/uploads\/2017\/07\/manonarredondo.pdf\"> Dr. Manuel de Jes\u00fas Ma\u00f1\u00f3n Arredondo<\/a>, Tesorero<br><a href=\"https:\/\/academiadominicanahistoria.org.do\/wp-content\/uploads\/2017\/07\/campilloperez.pdf\"> Dr. Julio Genaro Campillo P\u00e9rez<\/a>, Bibliotecario<\/p>\n<p><strong>1986-1989<\/strong><br><a href=\"http:\/\/academiadominicanahistoria.org.do\/wp-content\/uploads\/2017\/07\/polancobrito.pdf\"> Mons. Hugo Eduardo Polanco Brito<\/a>, Presidente<br><a href=\"http:\/\/academiadominicanahistoria.org.do\/wp-content\/uploads\/2017\/07\/MoyaPons.pdf\"> Dr. Frank Moya Pons<\/a>, Secretario<br><a href=\"http:\/\/academiadominicanahistoria.org.do\/wp-content\/uploads\/2017\/07\/goicocastro.pdf\"> Dr. Manuel de Jes\u00fas Goico Castro<\/a>, Bibliotecario<br><a href=\"https:\/\/academiadominicanahistoria.org.do\/wp-content\/uploads\/2017\/07\/manonarredondo.pdf\"> Dr. Manuel de Jes\u00fas Ma\u00f1\u00f3n Arredondo<\/a>, Vocal<br><a href=\"https:\/\/academiadominicanahistoria.org.do\/wp-content\/uploads\/2017\/07\/balaguerricardo.pdf\">Dr. Joaqu\u00edn Balaguer<\/a>, Vocal<br><a href=\"https:\/\/academiadominicanahistoria.org.do\/wp-content\/uploads\/2017\/07\/elpidioberas.pdf\"> Lic. Francisco Elpidio Beras<\/a>, Vocal<br><a href=\"https:\/\/academiadominicanahistoria.org.do\/wp-content\/uploads\/2017\/07\/herreracabral.pdf\"> Dr. C\u00e9sar Herrera<\/a>, Vocal<br><a href=\"https:\/\/academiadominicanahistoria.org.do\/wp-content\/uploads\/2017\/07\/campilloperez.pdf\"> Dr. Julio Genaro Campillo P\u00e9rez<\/a>, Vocal<\/p>\n<p><strong>1981-1986<\/strong><br><a href=\"https:\/\/academiadominicanahistoria.org.do\/wp-content\/uploads\/2017\/07\/rodriguezDemorizi.pdf\"> Lic. Emilio Rodr\u00edguez Demorizi<\/a>, Presidente<br><a href=\"https:\/\/academiadominicanahistoria.org.do\/wp-content\/uploads\/2017\/07\/MoyaPons.pdf\"> Dr. Frank Moya Pons<\/a>, Secretario<br><a href=\"https:\/\/academiadominicanahistoria.org.do\/wp-content\/uploads\/2017\/07\/troncososanchez.pdf\"> Dr. Pedro Troncoso S\u00e1nchez<\/a>, Tesorero<br><a href=\"https:\/\/academiadominicanahistoria.org.do\/wp-content\/uploads\/2017\/07\/goicocastro.pdf\"> Dr. Manuel de Jes\u00fas Goico Castro<\/a>, Bibliotecario<\/p>\n<p><strong>1980-1981<\/strong><br><a href=\"https:\/\/academiadominicanahistoria.org.do\/wp-content\/uploads\/2017\/07\/rodriguezDemorizi.pdf\"> Lic. Emilio Rodr\u00edguez Demorizi<\/a>, Presidente<br><a href=\"https:\/\/academiadominicanahistoria.org.do\/wp-content\/uploads\/2017\/07\/MoyaPons.pdf\"> Dr. Frank Moya Pons<\/a>, Secretario<br><a href=\"https:\/\/academiadominicanahistoria.org.do\/wp-content\/uploads\/2017\/07\/troncososanchez.pdf\"> Dr. Pedro Troncoso S\u00e1nchez<\/a>, Tesorero<\/p>\n<p><strong>1978-1980<\/strong><br><a href=\"https:\/\/academiadominicanahistoria.org.do\/wp-content\/uploads\/2017\/07\/rodriguezDemorizi.pdf\"> Lic. Emilio Rodr\u00edguez Demorizi<\/a>, Presidente<br><a href=\"https:\/\/academiadominicanahistoria.org.do\/wp-content\/uploads\/2017\/07\/MoyaPons.pdf\"> Dr. Frank Moya Pons<\/a>, Secretario<br><a href=\"https:\/\/academiadominicanahistoria.org.do\/wp-content\/uploads\/2017\/07\/troncososanchez.pdf\"> Dr. Pedro Troncoso S\u00e1nchez<\/a>, Tesorero<br><a href=\"https:\/\/academiadominicanahistoria.org.do\/wp-content\/uploads\/2017\/07\/elpidioberas.pdf\"> Lic. Francisco Elpidio Beras<\/a>, Bibliotecario<\/p>\n<p><strong>1968-1978<\/strong><br><a href=\"https:\/\/academiadominicanahistoria.org.do\/wp-content\/uploads\/2017\/07\/rodriguezDemorizi.pdf\"> Lic. Emilio Rodr\u00edguez Demorizi<\/a>, Presidente<br><a href=\"https:\/\/academiadominicanahistoria.org.do\/wp-content\/uploads\/2017\/07\/alfauduran.pdf\"> Dr. Vetilio Alfau Dur\u00e1n<\/a>, Secretario<br><a href=\"http:\/\/academiadominicanahistoria.org.do\/wp-content\/uploads\/2017\/07\/troncososanchez.pdf\"> Dr. Pedro Troncoso S\u00e1nchez<\/a>, Tesorero<br><a href=\"https:\/\/academiadominicanahistoria.org.do\/wp-content\/uploads\/2017\/07\/elpidioberas.pdf\"> Lic. Francisco Elpidio Beras<\/a>, Bibliotecario<\/p>\n<p><strong>1955-1968<\/strong><br><a href=\"https:\/\/academiadominicanahistoria.org.do\/wp-content\/uploads\/2017\/07\/rodriguezDemorizi.pdf\"> Lic. Emilio Rodr\u00edguez Demorizi<\/a>, Presidente<br><a href=\"https:\/\/academiadominicanahistoria.org.do\/wp-content\/uploads\/2017\/07\/alfauduran.pdf\"> Dr. Vetilio Alfau Dur\u00e1n<\/a>, Secretario<\/p>\n<p><strong>1944-1955<\/strong><br><a href=\"https:\/\/academiadominicanahistoria.org.do\/wp-content\/uploads\/2017\/07\/Troncosodelaconcha.pdf\"> Dr. Manuel de Jes\u00fas Troncoso de la Concha<\/a>, Presidente<br><a href=\"https:\/\/academiadominicanahistoria.org.do\/wp-content\/uploads\/2017\/07\/rodriguezDemorizi.pdf\"> Lic. Emilio Rodr\u00edguez Demorizi<\/a>, Secretario<br><a href=\"https:\/\/academiadominicanahistoria.org.do\/wp-content\/uploads\/2017\/07\/larrazabalblanco.pdf\"> Lic. Carlos Vicente Larraz\u00e1bal Blanco<\/a>, Bibliotecario-Tesorero<\/p>\n<p><strong>1941-1944<\/strong><br><a href=\"https:\/\/academiadominicanahistoria.org.do\/wp-content\/uploads\/2017\/07\/HenriquezyCarvajal.pdf\"> Dr. Federico Henr\u00edquez y Carvajal<\/a>, Presidente<br><a href=\"https:\/\/academiadominicanahistoria.org.do\/wp-content\/uploads\/2017\/07\/rodriguezDemorizi.pdf\"> Lic. Emilio Rodr\u00edguez Demorizi<\/a>, Secretario<br><a href=\"https:\/\/academiadominicanahistoria.org.do\/wp-content\/uploads\/2017\/07\/larrazabalblanco.pdf\"> Lic. Carlos Vicente Larraz\u00e1bal Blanco<\/a>, Bibliotecario<\/p>\n<p><strong>1938-1941<\/strong><br><a href=\"http:\/\/academiadominicanahistoria.org.do\/wp-content\/uploads\/2017\/07\/HenriquezyCarvajal.pdf\"> Dr. Federico Henr\u00edquez y Carvajal<\/a>, Presidente<br><a href=\"http:\/\/academiadominicanahistoria.org.do\/wp-content\/uploads\/2017\/07\/rodriguezDemorizi.pdf\"> Lic. Emilio Rodr\u00edguez Demorizi<\/a>, Secretario<br><a href=\"http:\/\/academiadominicanahistoria.org.do\/wp-content\/uploads\/2017\/07\/TejeraBonetti.pdf\"> Se\u00f1or Emilio Tejera Bonetti<\/a>, Bibliotecario<\/p>\n<p><strong>1935-1938<\/strong><br><a href=\"https:\/\/academiadominicanahistoria.org.do\/wp-content\/uploads\/2017\/07\/HenriquezyCarvajal.pdf\"> Dr. Federico Henr\u00edquez y Carvajal<\/a>, Presidente<br><a href=\"https:\/\/academiadominicanahistoria.org.do\/wp-content\/uploads\/2017\/07\/rodriguezDemorizi.pdf\"> Lic. Emilio Rodr\u00edguez Demorizi<\/a>, Secretario<\/p>\n<p><strong>1933-1935<\/strong><br><a href=\"https:\/\/academiadominicanahistoria.org.do\/wp-content\/uploads\/2017\/07\/HenriquezyCarvajal.pdf\"> Dr. Federico Henr\u00edquez y Carvajal<\/a>, Presidente<br><a href=\"https:\/\/academiadominicanahistoria.org.do\/wp-content\/uploads\/2017\/07\/logronocohen.pdf\"> Lic. Arturo Logro\u00f1o Coh\u00e9n<\/a>, Secretario<\/p>\n<p style=\"text-align: left;\"><strong>1931-1933<\/strong><br><a href=\"https:\/\/academiadominicanahistoria.org.do\/wp-content\/uploads\/2017\/07\/HenriquezyCarvajal.pdf\"> Dr. Federico Henr\u00edquez y Carvajal<\/a>, Presidente<br><a href=\"https:\/\/academiadominicanahistoria.org.do\/wp-content\/uploads\/2017\/07\/logronocohen.pdf\"> Lic. Arturo Logro\u00f1o Coh\u00e9n<\/a>, Secretario<\/p>\n","protected":false},"excerpt":{"rendered":"<p>2022-2025 Lic. Juan Daniel Balc\u00e1cer, Presidente Lic. Fern\u00e1ndo P\u00e9rez Mem\u00e9n, VicepresidenteLic. Miguel Reyes S\u00e1nchez, SecretarioLic. Eduardo Tejera, Tes<\/p>\n","protected":false},"author":1,"featured_media":0,"parent":35,"menu_order":0,"comment_status":"closed","ping_status":"closed","template":"fullwidth.php","meta":[],"_links":{"self":[{"href":"https:\/\/www.academiadominicanahistoria.org.do\/index.php?rest_route=\/wp\/v2\/pages\/39"}],"collection":[{"href":"https:\/\/www.academiadominicanahistoria.org.do\/index.php?rest_route=\/wp\/v2\/pages"}],"about":[{"href":"https:\/\/www.academiadominicanahistoria.org.do\/index.php?rest_route=\/wp\/v2\/types\/page"}],"author":[{"embeddable":true,"href":"https:\/\/www.academiadominicanahistoria.org.do\/index.php?rest_route=\/wp\/v2\/users\/1"}],"replies":[{"embeddable":true,"href":"https:\/\/www.academiadominicanahistoria.org.do\/index.php?rest_route=%2Fwp%2Fv2%2Fcomments&post=39"}],"version-history":[{"count":40,"href":"https:\/\/www.academiadominicanahistoria.org.do\/index.php?rest_route=\/wp\/v2\/pages\/39\/revisions"}],"predecessor-version":[{"id":3170,"href":"https:\/\/www.academiadominicanahistoria.org.do\/index.php?rest_route=\/wp\/v2\/pages\/39\/revisions\/3170"}],"up":[{"embeddable":true,"href":"https:\/\/www.academiadominicanahistoria.org.do\/index.php?rest_route=\/wp\/v2\/pages\/35"}],"wp:attachment":[{"href":"https:\/\/www.academiadominicanahistoria.org.do\/index.php?rest_route=%2Fwp%2Fv2%2Fmedia&parent=39"}],"curies":[{"name":"wp","href":"https:\/\/api.w.org\/{rel}","templated":true}]}}